{"id":616,"date":"2019-09-20T08:24:53","date_gmt":"2019-09-20T06:24:53","guid":{"rendered":"http:\/\/adler-fanclubs-aktiv.de\/?page_id=616"},"modified":"2019-09-20T08:24:54","modified_gmt":"2019-09-20T06:24:54","slug":"unsere-spielerpaten","status":"publish","type":"page","link":"https:\/\/adler-fanclubs-aktiv.de\/?page_id=616","title":{"rendered":"Unsere Spielerpaten"},"content":{"rendered":"\n<p>Einmalig in der DEL ist die j\u00e4hrliche Patenverlosung der Adler Mannheim. Bei der Verlosung wird jedem aktiven Fanclub ein Spieler zugeordnet der dann f\u00fcr eine Saison die Patenschaft f\u00fcr ihn \u00fcbernimmt.<\/p>\n\n\n\n<p><\/p>\n\n\n\n<p>Verlosung Saison 2019\/2020<\/p>\n\n\n\n<p>Die H\u00e4rdschde &#8211; Marcel Goc <br> Net(z)adler &#8211; Bj\u00f6rn Krupp<br> Meistertr\u00e4umer &#8211; Lean Bergmann <br> Bully Tor &#8211; Moritz Seider <br> Meisterj\u00e4ger &#8211; Sinan Akdag <br> Monnem Blueliners &#8211; Tim St\u00fctzle<br> Feuchte Banditen &#8211; Mark Katic<\/p>\n\n\n\n<p> <\/p>\n","protected":false},"excerpt":{"rendered":"<p>Einmalig in der DEL ist die j\u00e4hrliche Patenverlosung der Adler Mannheim. Bei der Verlosung wird jedem aktiven Fanclub ein Spieler<\/p>\n","protected":false},"author":1,"featured_media":0,"parent":0,"menu_order":0,"comment_status":"closed","ping_status":"closed","template":"","meta":{"footnotes":""},"class_list":["post-616","page","type-page","status-publish","hentry"],"_links":{"self":[{"href":"https:\/\/adler-fanclubs-aktiv.de\/index.php?rest_route=\/wp\/v2\/pages\/616","targetHints":{"allow":["GET"]}}],"collection":[{"href":"https:\/\/adler-fanclubs-aktiv.de\/index.php?rest_route=\/wp\/v2\/pages"}],"about":[{"href":"https:\/\/adler-fanclubs-aktiv.de\/index.php?rest_route=\/wp\/v2\/types\/page"}],"author":[{"embeddable":true,"href":"https:\/\/adler-fanclubs-aktiv.de\/index.php?rest_route=\/wp\/v2\/users\/1"}],"replies":[{"embeddable":true,"href":"https:\/\/adler-fanclubs-aktiv.de\/index.php?rest_route=%2Fwp%2Fv2%2Fcomments&post=616"}],"version-history":[{"count":1,"href":"https:\/\/adler-fanclubs-aktiv.de\/index.php?rest_route=\/wp\/v2\/pages\/616\/revisions"}],"predecessor-version":[{"id":617,"href":"https:\/\/adler-fanclubs-aktiv.de\/index.php?rest_route=\/wp\/v2\/pages\/616\/revisions\/617"}],"wp:attachment":[{"href":"https:\/\/adler-fanclubs-aktiv.de\/index.php?rest_route=%2Fwp%2Fv2%2Fmedia&parent=616"}],"curies":[{"name":"wp","href":"https:\/\/api.w.org\/{rel}","templated":true}]}}